{"id":841,"date":"2015-12-03T13:16:36","date_gmt":"2015-12-03T12:16:36","guid":{"rendered":"http:\/\/www.cristianbuda.com\/acacia\/fr\/?page_id=841"},"modified":"2015-12-15T17:31:22","modified_gmt":"2015-12-15T16:31:22","slug":"arriere-pays-de-la-romagne","status":"publish","type":"page","link":"https:\/\/www.hotelacacia.it\/fr\/arriere-pays-de-la-romagne\/","title":{"rendered":"Arri\u00e8re-pays de la Romagne: Cesenatico et ses alentours"},"content":{"rendered":"<div class=\"wpb-content-wrapper\"><p>[vc_row][vc_column][vc_column_text]L\u2019arri\u00e8re-pays de Cesenatico constitue un endroit fascinant pour passer vos vacances. Si vous quittez la c\u00f4te pour remonter vers la colline, vous vous plongez dans l\u2019histoire et la nature de ces lieux qui parlent d\u2019anciennes traditions et offrent des panoramas vraiment splendides[\/vc_column_text][vc_column_text]<\/p>\n<h3>En remontant depuis Cesenatico, vous pouvez visiter:<\/h3>\n<p>[\/vc_column_text][\/vc_column][\/vc_row][vc_row][vc_column width=\u00a0\u00bb1\/2&Prime;][vc_column_text]<\/p>\n<h4>RAVENNE<\/h4>\n<p>[\/vc_column_text][vc_single_image image=\u00a0\u00bb614&Prime; img_size=\u00a0\u00bb450&#215;180&Prime; alignment=\u00a0\u00bbcenter\u00a0\u00bb css=\u00a0\u00bb.vc_custom_1448277919710{margin-bottom: 0px !important;}\u00a0\u00bb][vc_row_inner][vc_column_inner width=\u00a0\u00bb1\/2&Prime;][vc_message message_box_color=\u00a0\u00bborange\u00a0\u00bb icon_type=\u00a0\u00bbentypo\u00a0\u00bb icon_entypo=\u00a0\u00bbentypo-icon entypo-icon-location\u00a0\u00bb]40\u00a0km. de l&rsquo;H\u00f4tel[\/vc_message][\/vc_column_inner][vc_column_inner width=\u00a0\u00bb1\/2&Prime;][vc_message message_box_color=\u00a0\u00bborange\u00a0\u00bb icon_type=\u00a0\u00bbentypo\u00a0\u00bb icon_entypo=\u00a0\u00bbentypo-icon entypo-icon-clock\u00a0\u00bb]45 min. en voiture[\/vc_message][\/vc_column_inner][\/vc_row_inner][vc_column_text]Ravenne, ville d&rsquo;art et de culture, ville de la mosa\u00efque, ville historique qui, il y a 1\u00a0600 ans, fut par trois fois capitale\u00a0: de l&rsquo;Empire romain d&rsquo;Occident, de Th\u00e9odoric le Grand, roi des Goths, de l&rsquo;Empire de Byzance en Europe. La magnificence de cette p\u00e9riode a laiss\u00e9 \u00e0 Ravenne un grand h\u00e9ritage de monuments, dont huit ont \u00e9t\u00e9 class\u00e9s Patrimoine de l&rsquo;humanit\u00e9 par l&rsquo;UNESCO.<\/p>\n<p>L&rsquo;art de la mosa\u00efque a trouv\u00e9 \u00e0 Ravenne sa premi\u00e8re expression de grande envergure. Enfin, la vile offre des itin\u00e9raires \u00e0 la d\u00e9couverte des clochers et des cloitres de monast\u00e8res, allant du style roman au gothique, des fresques \u00ab\u00a0giottesques\u00a0\u00bb de l&rsquo;\u00e9glise Santa Chiara au Baroque de l&rsquo;abside de la basilique Sant&rsquo;Apollinare Nuovo\u00a0; des t\u00e9moignages du dernier refuge de Dante Alighieri aux Palais qui virent les amours de Lord Byron.<span style=\"line-height: 1.5;\">[\/vc_column_text][vc_separator style=\u00a0\u00bbdashed\u00a0\u00bb el_width=\u00a0\u00bb90&Prime;][vc_column_text]<\/span><\/p>\n<h4>SANTARCANGELO DI ROMAGNA<\/h4>\n<p>[\/vc_column_text][vc_single_image image=\u00a0\u00bb617&Prime; img_size=\u00a0\u00bb450&#215;180&Prime; alignment=\u00a0\u00bbcenter\u00a0\u00bb css=\u00a0\u00bb.vc_custom_1448278483522{margin-bottom: 0px !important;}\u00a0\u00bb][vc_row_inner][vc_column_inner width=\u00a0\u00bb1\/2&Prime;][vc_message message_box_color=\u00a0\u00bborange\u00a0\u00bb icon_type=\u00a0\u00bbentypo\u00a0\u00bb icon_entypo=\u00a0\u00bbentypo-icon entypo-icon-location\u00a0\u00bb]16 km. de l&rsquo;H\u00f4tel[\/vc_message][\/vc_column_inner][vc_column_inner width=\u00a0\u00bb1\/2&Prime;][vc_message message_box_color=\u00a0\u00bborange\u00a0\u00bb icon_type=\u00a0\u00bbentypo\u00a0\u00bb icon_entypo=\u00a0\u00bbentypo-icon entypo-icon-clock\u00a0\u00bb]20 min. en voiture[\/vc_message][\/vc_column_inner][\/vc_row_inner][vc_column_text]Santarcangelo m\u00e9rite tr\u00e8s certainement une visite et cela pour diverses raisons\u00a0: la forte identit\u00e9 romagnole, l&rsquo;atmosph\u00e8re provinciale et son rythme de vie bien dans la mesure, sa belle architecture compos\u00e9e de palais nobles, de maisons bourgeoises, de ruelles et de petites places, qui en font une ville d&rsquo;art et de culture, gr\u00e2ce notamment \u00e0 des manifestations d&rsquo;envergure international. Bien visible, sur la grand&rsquo; place Ganganelli, l&rsquo;imposant Arc de Triomphe \u00e9rig\u00e9 en 1777 par la ville en honneur de son c\u00e9l\u00e8bre citoyen, Giovanni Ganganelli, devenu Pape Cl\u00e9ment XIV.[\/vc_column_text][vc_separator style=\u00a0\u00bbdashed\u00a0\u00bb el_width=\u00a0\u00bb90&Prime;][vc_column_text]<\/p>\n<h4>CESENA<\/h4>\n<p>[\/vc_column_text][vc_single_image image=\u00a0\u00bb428&Prime; img_size=\u00a0\u00bb450&#215;180&Prime; alignment=\u00a0\u00bbcenter\u00a0\u00bb css=\u00a0\u00bb.vc_custom_1448275990368{margin-bottom: 0px !important;}\u00a0\u00bb][vc_row_inner][vc_column_inner width=\u00a0\u00bb1\/2&Prime;][vc_message message_box_color=\u00a0\u00bborange\u00a0\u00bb icon_type=\u00a0\u00bbentypo\u00a0\u00bb icon_entypo=\u00a0\u00bbentypo-icon entypo-icon-location\u00a0\u00bb]18 km. de l&rsquo;H\u00f4tel[\/vc_message][\/vc_column_inner][vc_column_inner width=\u00a0\u00bb1\/2&Prime;][vc_message message_box_color=\u00a0\u00bborange\u00a0\u00bb icon_type=\u00a0\u00bbentypo\u00a0\u00bb icon_entypo=\u00a0\u00bbentypo-icon entypo-icon-clock\u00a0\u00bb]25 min. en voiture[\/vc_message][\/vc_column_inner][\/vc_row_inner][vc_column_text]Cesena,\u00a0o\u00f9 vous pourrez admirer des vestiges de l\u2019\u00e9poque romaine et \u00e9trusque ainsi que des t\u00e9moignages de la Seigneurie des Malatesta. Cesena est aujourd\u2019hui d\u00e9finie comme une \u00ab ville malatestienne \u00bb et nous pouvons y visiter la Biblioth\u00e8que Malatestienne, la \u00ab Sala del Nuti \u00bb, la \u00ab Piana \u00bb (biblioth\u00e8que priv\u00e9e du pape Pie VII), la Biblioth\u00e8que municipale et le Mus\u00e9e Lapidaire, partie du Mus\u00e9e arch\u00e9ologique, qui se trouve dans le Clo\u00eetre de S. Francesco. Une visite au mus\u00e9e offre la possibilit\u00e9 d\u2019admirer des objets datant de la pr\u00e9histoire, de l\u2019\u00e9poque romaine et du moyen-\u00e2ge. Un autre monument digne de mention est le Palais del Ridotto avec la statue en bronze de Pie VI sculpt\u00e9e par Callegari.[\/vc_column_text][vc_separator style=\u00a0\u00bbdashed\u00a0\u00bb el_width=\u00a0\u00bb90&Prime;][\/vc_column][vc_column width=\u00a0\u00bb1\/2&Prime;][vc_column_text]<\/p>\n<h4>R\u00c9PUBLIQUE DE SAINT MARIN<\/h4>\n<p>[\/vc_column_text][vc_single_image image=\u00a0\u00bb619&Prime; img_size=\u00a0\u00bb450&#215;180&Prime; alignment=\u00a0\u00bbcenter\u00a0\u00bb css=\u00a0\u00bb.vc_custom_1448279645306{margin-bottom: 0px !important;}\u00a0\u00bb][vc_row_inner][vc_column_inner width=\u00a0\u00bb1\/2&Prime;][vc_message message_box_color=\u00a0\u00bborange\u00a0\u00bb icon_type=\u00a0\u00bbentypo\u00a0\u00bb icon_entypo=\u00a0\u00bbentypo-icon entypo-icon-location\u00a0\u00bb]35\u00a0km. de l&rsquo;H\u00f4tel[\/vc_message][\/vc_column_inner][vc_column_inner width=\u00a0\u00bb1\/2&Prime;][vc_message message_box_color=\u00a0\u00bborange\u00a0\u00bb icon_type=\u00a0\u00bbentypo\u00a0\u00bb icon_entypo=\u00a0\u00bbentypo-icon entypo-icon-clock\u00a0\u00bb]45 min. en voiture[\/vc_message][\/vc_column_inner][\/vc_row_inner][vc_column_text]Saint Marin est la plus ancienne r\u00e9publique du monde, consid\u00e9r\u00e9e depuis toujours comme un symbole de libert\u00e9. Les raisons d&rsquo;une visite sont nombreuses, \u00e0 partir de l0incroyable nombre de biens architecturaux et naturels que ces lieux poss\u00e8dent. Les caract\u00e9ristiques de Saint Marin sont les ruelles, les petits magasins typiques, les mus\u00e9es, les tours et les remparts de ses 9 ch\u00e2teaux qui lui conf\u00e8rent un charme typiquement m\u00e9di\u00e9val. Gr\u00e2ce \u00e0 sa position et \u00e0 sa configuration, Saint Marin offre des panoramas tr\u00e8s suggestifs, tel un vaste balcon donnant sur l&rsquo;Italie. Pour acc\u00e9der \u00e0 la R\u00e9publique de Saint Marin, nul est besoin d&rsquo;avoir un passeport ni de franchir des postes de douanes.[\/vc_column_text][vc_separator style=\u00a0\u00bbdashed\u00a0\u00bb el_width=\u00a0\u00bb90&Prime;][vc_column_text]<\/p>\n<h4>LONGIANO<\/h4>\n<p>[\/vc_column_text][vc_single_image image=\u00a0\u00bb434&Prime; img_size=\u00a0\u00bb450&#215;180&Prime; alignment=\u00a0\u00bbcenter\u00a0\u00bb css=\u00a0\u00bb.vc_custom_1448276009521{margin-bottom: 0px !important;}\u00a0\u00bb][vc_row_inner][vc_column_inner width=\u00a0\u00bb1\/2&Prime;][vc_message message_box_color=\u00a0\u00bborange\u00a0\u00bb icon_type=\u00a0\u00bbentypo\u00a0\u00bb icon_entypo=\u00a0\u00bbentypo-icon entypo-icon-location\u00a0\u00bb]18 km. de l&rsquo;H\u00f4tel[\/vc_message][\/vc_column_inner][vc_column_inner width=\u00a0\u00bb1\/2&Prime;][vc_message message_box_color=\u00a0\u00bborange\u00a0\u00bb icon_type=\u00a0\u00bbentypo\u00a0\u00bb icon_entypo=\u00a0\u00bbentypo-icon entypo-icon-clock\u00a0\u00bb]25 min. en voiture[\/vc_message][\/vc_column_inner][\/vc_row_inner][vc_column_text]Situ\u00e9 non loin de la mer, Longiano a remport\u00e9 en 1991 le prix du \u00ab village id\u00e9al d\u2019Italie \u00bb d\u00e9cern\u00e9 par la revue Airone avec le parrainage de la communaut\u00e9 europ\u00e9enne.Ce petit bourg est entour\u00e9 de vignobles, de vergers et de lieux historiques et panoramiques rev\u00eatant un int\u00e9r\u00eat certain pour les touristes.[\/vc_column_text][vc_separator style=\u00a0\u00bbdashed\u00a0\u00bb el_width=\u00a0\u00bb90&Prime;][vc_column_text]<\/p>\n<h4>BERTINORO<\/h4>\n<p>[\/vc_column_text][vc_single_image image=\u00a0\u00bb435&Prime; img_size=\u00a0\u00bb450&#215;180&Prime; alignment=\u00a0\u00bbcenter\u00a0\u00bb css=\u00a0\u00bb.vc_custom_1448276768378{margin-bottom: 0px !important;}\u00a0\u00bb][vc_row_inner][vc_column_inner width=\u00a0\u00bb1\/2&Prime;][vc_message message_box_color=\u00a0\u00bborange\u00a0\u00bb icon_type=\u00a0\u00bbentypo\u00a0\u00bb icon_entypo=\u00a0\u00bbentypo-icon entypo-icon-location\u00a0\u00bb]30 km. de l&rsquo;H\u00f4tel[\/vc_message][\/vc_column_inner][vc_column_inner width=\u00a0\u00bb1\/2&Prime;][vc_message message_box_color=\u00a0\u00bborange\u00a0\u00bb icon_type=\u00a0\u00bbentypo\u00a0\u00bb icon_entypo=\u00a0\u00bbentypo-icon entypo-icon-clock\u00a0\u00bb]35 min. en voiture[\/vc_message][\/vc_column_inner][\/vc_row_inner][vc_column_text]Au cours du moyen-\u00e2ge, ce petit bourg \u00e9tait domin\u00e9 par la famille des Malatesta, les habitants de Forl\u00ec, de Cesena et de Rimini avant de faire partie des \u00c9tats de l\u2019\u00c9glise. Il est r\u00e9put\u00e9 pour sa production de raisin de table et de vin, comme le raisin Albana. Le village conserve encore de nombreuses beaut\u00e9s historiques telles que la porte San Romano, orient\u00e9e vers Forl\u00ec, et la porte San Francesco, orient\u00e9e vers Polenta. Bertinoro est d\u00e9fini comme le \u00ab balcon de la Romagne \u00bb gr\u00e2ce \u00e0 son merveilleux panorama.[\/vc_column_text][vc_separator style=\u00a0\u00bbdashed\u00a0\u00bb el_width=\u00a0\u00bb90&Prime;][vc_column_text]<\/p>\n<h4>BAGNO DI ROMAGNA<\/h4>\n<p>[\/vc_column_text][vc_single_image image=\u00a0\u00bb440&Prime; img_size=\u00a0\u00bb450&#215;180&Prime; alignment=\u00a0\u00bbcenter\u00a0\u00bb css=\u00a0\u00bb.vc_custom_1448276795969{margin-bottom: 0px !important;}\u00a0\u00bb][vc_row_inner][vc_column_inner width=\u00a0\u00bb1\/2&Prime;][vc_message message_box_color=\u00a0\u00bborange\u00a0\u00bb icon_type=\u00a0\u00bbentypo\u00a0\u00bb icon_entypo=\u00a0\u00bbentypo-icon entypo-icon-location\u00a0\u00bb]80 km. de l&rsquo;H\u00f4tel[\/vc_message][\/vc_column_inner][vc_column_inner width=\u00a0\u00bb1\/2&Prime;][vc_message message_box_color=\u00a0\u00bborange\u00a0\u00bb icon_type=\u00a0\u00bbentypo\u00a0\u00bb icon_entypo=\u00a0\u00bbentypo-icon entypo-icon-clock\u00a0\u00bb]55 min. en voiture[\/vc_message][\/vc_column_inner][\/vc_row_inner][vc_column_text]Centre thermal r\u00e9put\u00e9, cette ville fut conquise, en l\u2019an 266 av. J.-C-., par les romains et c\u2019est pr\u00e9cis\u00e9ment alors qu\u2019elle devint un important centre thermal pour les voyageurs entre Rome et Ravenne. Au cours de son histoire, Bagno di Romagna fut d\u2019abord d\u00e9nomm\u00e9e Balneum sanctae Mariae et ensuite, \u00e0 la Renaissance, elle connut sa p\u00e9riode de splendeur artistique. De nos jours, nous pouvons encore admirer de nombreux monuments historiques.\u00a0Aujourd\u2019hui Bagno di Romagna est un centre thermal r\u00e9put\u00e9, situ\u00e9 \u00e0 proximit\u00e9 du Parc national des for\u00eats Casentinesi.<\/p>\n<p>[\/vc_column_text][vc_separator style=\u00a0\u00bbdashed\u00a0\u00bb el_width=\u00a0\u00bb90&Prime;][\/vc_column][\/vc_row]<\/p>\n<\/div>","protected":false},"excerpt":{"rendered":"<p>[vc_row][vc_column][vc_column_text]L\u2019arri\u00e8re-pays de Cesenatico constitue un endroit fascinant pour passer vos vacances. Si vous quittez la c\u00f4te pour remonter vers la colline, vous vous plongez dans l\u2019histoire<span class=\"excerpt-hellip\"> [\u2026]<\/span><\/p>\n","protected":false},"author":1,"featured_media":3784,"parent":0,"menu_order":0,"comment_status":"closed","ping_status":"closed","template":"","meta":{"_acf_changed":false,"footnotes":""},"class_list":["post-841","page","type-page","status-publish","has-post-thumbnail","hentry"],"acf":[],"yoast_head":"<!-- This site is optimized with the Yoast SEO plugin v28.4 - https:\/\/yoast.com\/product\/yoast-seo-wordpress\/ -->\n<title>Arri\u00e8re-pays de la Romagne: Cesenatico et ses alentours<\/title>\n<meta name=\"robots\" content=\"index, follow, max-snippet:-1, max-image-preview:large, max-video-preview:-1\" \/>\n<link rel=\"canonical\" href=\"https:\/\/www.hotelacacia.it\/fr\/arriere-pays-de-la-romagne\/\" \/>\n<meta property=\"og:locale\" content=\"fr_FR\" \/>\n<meta property=\"og:type\" content=\"article\" \/>\n<meta property=\"og:title\" content=\"Arri\u00e8re-pays de la Romagne: Cesenatico et ses alentours\" \/>\n<meta property=\"og:description\" content=\"[vc_row][vc_column][vc_column_text]L\u2019arri\u00e8re-pays de Cesenatico constitue un endroit fascinant pour passer vos vacances. Si vous quittez la c\u00f4te pour remonter vers la colline, vous vous plongez dans l\u2019histoire [\u2026]\" \/>\n<meta property=\"og:url\" content=\"https:\/\/www.hotelacacia.it\/fr\/arriere-pays-de-la-romagne\/\" \/>\n<meta property=\"og:site_name\" content=\"Acacia Hotel Cesenatico\" \/>\n<meta property=\"article:modified_time\" content=\"2015-12-15T16:31:22+00:00\" \/>\n<meta name=\"twitter:card\" content=\"summary_large_image\" \/>\n<meta name=\"twitter:label1\" content=\"Dur\u00e9e de lecture estim\u00e9e\" \/>\n\t<meta name=\"twitter:data1\" content=\"7 minutes\" \/>\n<script type=\"application\/ld+json\" class=\"yoast-schema-graph\">{\"@context\":\"https:\\\/\\\/schema.org\",\"@graph\":[{\"@type\":\"WebPage\",\"@id\":\"https:\\\/\\\/www.hotelacacia.it\\\/fr\\\/arriere-pays-de-la-romagne\\\/\",\"url\":\"https:\\\/\\\/www.hotelacacia.it\\\/fr\\\/arriere-pays-de-la-romagne\\\/\",\"name\":\"Arri\u00e8re-pays de la Romagne: Cesenatico et ses alentours\",\"isPartOf\":{\"@id\":\"https:\\\/\\\/www.hotelacacia.it\\\/#website\"},\"primaryImageOfPage\":{\"@id\":\"https:\\\/\\\/www.hotelacacia.it\\\/fr\\\/arriere-pays-de-la-romagne\\\/#primaryimage\"},\"image\":{\"@id\":\"https:\\\/\\\/www.hotelacacia.it\\\/fr\\\/arriere-pays-de-la-romagne\\\/#primaryimage\"},\"thumbnailUrl\":\"https:\\\/\\\/www.hotelacacia.it\\\/wp-content\\\/uploads\\\/2015\\\/11\\\/bigstock-100392347-1-1.jpg\",\"datePublished\":\"2015-12-03T12:16:36+00:00\",\"dateModified\":\"2015-12-15T16:31:22+00:00\",\"breadcrumb\":{\"@id\":\"https:\\\/\\\/www.hotelacacia.it\\\/fr\\\/arriere-pays-de-la-romagne\\\/#breadcrumb\"},\"inLanguage\":\"fr-FR\",\"potentialAction\":[{\"@type\":\"ReadAction\",\"target\":[\"https:\\\/\\\/www.hotelacacia.it\\\/fr\\\/arriere-pays-de-la-romagne\\\/\"]}]},{\"@type\":\"ImageObject\",\"inLanguage\":\"fr-FR\",\"@id\":\"https:\\\/\\\/www.hotelacacia.it\\\/fr\\\/arriere-pays-de-la-romagne\\\/#primaryimage\",\"url\":\"https:\\\/\\\/www.hotelacacia.it\\\/wp-content\\\/uploads\\\/2015\\\/11\\\/bigstock-100392347-1-1.jpg\",\"contentUrl\":\"https:\\\/\\\/www.hotelacacia.it\\\/wp-content\\\/uploads\\\/2015\\\/11\\\/bigstock-100392347-1-1.jpg\",\"width\":1440,\"height\":954},{\"@type\":\"BreadcrumbList\",\"@id\":\"https:\\\/\\\/www.hotelacacia.it\\\/fr\\\/arriere-pays-de-la-romagne\\\/#breadcrumb\",\"itemListElement\":[{\"@type\":\"ListItem\",\"position\":1,\"name\":\"Home\",\"item\":\"https:\\\/\\\/www.hotelacacia.it\\\/fr\\\/\"},{\"@type\":\"ListItem\",\"position\":2,\"name\":\"Arri\u00e8re-pays de la Romagne: Cesenatico et ses alentours\"}]},{\"@type\":\"WebSite\",\"@id\":\"https:\\\/\\\/www.hotelacacia.it\\\/#website\",\"url\":\"https:\\\/\\\/www.hotelacacia.it\\\/\",\"name\":\"Acacia Hotel Cesenatico\",\"description\":\"Hotel 3 stelle a Cesenatico\",\"publisher\":{\"@id\":\"https:\\\/\\\/www.hotelacacia.it\\\/#organization\"},\"potentialAction\":[{\"@type\":\"SearchAction\",\"target\":{\"@type\":\"EntryPoint\",\"urlTemplate\":\"https:\\\/\\\/www.hotelacacia.it\\\/?s={search_term_string}\"},\"query-input\":{\"@type\":\"PropertyValueSpecification\",\"valueRequired\":true,\"valueName\":\"search_term_string\"}}],\"inLanguage\":\"fr-FR\"},{\"@type\":\"Organization\",\"@id\":\"https:\\\/\\\/www.hotelacacia.it\\\/#organization\",\"name\":\"Hotel Acacia Cesenatico\",\"url\":\"https:\\\/\\\/www.hotelacacia.it\\\/\",\"logo\":{\"@type\":\"ImageObject\",\"inLanguage\":\"fr-FR\",\"@id\":\"https:\\\/\\\/www.hotelacacia.it\\\/#\\\/schema\\\/logo\\\/image\\\/\",\"url\":\"https:\\\/\\\/www.hotelacacia.it\\\/acacia\\\/wp-content\\\/uploads\\\/2015\\\/11\\\/logo-hotel-acacia-quadrato.png\",\"contentUrl\":\"https:\\\/\\\/www.hotelacacia.it\\\/acacia\\\/wp-content\\\/uploads\\\/2015\\\/11\\\/logo-hotel-acacia-quadrato.png\",\"width\":230,\"height\":230,\"caption\":\"Hotel Acacia Cesenatico\"},\"image\":{\"@id\":\"https:\\\/\\\/www.hotelacacia.it\\\/#\\\/schema\\\/logo\\\/image\\\/\"}}]}<\/script>\n<!-- \/ Yoast SEO plugin. -->","yoast_head_json":{"title":"Arri\u00e8re-pays de la Romagne: Cesenatico et ses alentours","robots":{"index":"index","follow":"follow","max-snippet":"max-snippet:-1","max-image-preview":"max-image-preview:large","max-video-preview":"max-video-preview:-1"},"canonical":"https:\/\/www.hotelacacia.it\/fr\/arriere-pays-de-la-romagne\/","og_locale":"fr_FR","og_type":"article","og_title":"Arri\u00e8re-pays de la Romagne: Cesenatico et ses alentours","og_description":"[vc_row][vc_column][vc_column_text]L\u2019arri\u00e8re-pays de Cesenatico constitue un endroit fascinant pour passer vos vacances. Si vous quittez la c\u00f4te pour remonter vers la colline, vous vous plongez dans l\u2019histoire [\u2026]","og_url":"https:\/\/www.hotelacacia.it\/fr\/arriere-pays-de-la-romagne\/","og_site_name":"Acacia Hotel Cesenatico","article_modified_time":"2015-12-15T16:31:22+00:00","twitter_card":"summary_large_image","twitter_misc":{"Dur\u00e9e de lecture estim\u00e9e":"7 minutes"},"schema":{"@context":"https:\/\/schema.org","@graph":[{"@type":"WebPage","@id":"https:\/\/www.hotelacacia.it\/fr\/arriere-pays-de-la-romagne\/","url":"https:\/\/www.hotelacacia.it\/fr\/arriere-pays-de-la-romagne\/","name":"Arri\u00e8re-pays de la Romagne: Cesenatico et ses alentours","isPartOf":{"@id":"https:\/\/www.hotelacacia.it\/#website"},"primaryImageOfPage":{"@id":"https:\/\/www.hotelacacia.it\/fr\/arriere-pays-de-la-romagne\/#primaryimage"},"image":{"@id":"https:\/\/www.hotelacacia.it\/fr\/arriere-pays-de-la-romagne\/#primaryimage"},"thumbnailUrl":"https:\/\/www.hotelacacia.it\/wp-content\/uploads\/2015\/11\/bigstock-100392347-1-1.jpg","datePublished":"2015-12-03T12:16:36+00:00","dateModified":"2015-12-15T16:31:22+00:00","breadcrumb":{"@id":"https:\/\/www.hotelacacia.it\/fr\/arriere-pays-de-la-romagne\/#breadcrumb"},"inLanguage":"fr-FR","potentialAction":[{"@type":"ReadAction","target":["https:\/\/www.hotelacacia.it\/fr\/arriere-pays-de-la-romagne\/"]}]},{"@type":"ImageObject","inLanguage":"fr-FR","@id":"https:\/\/www.hotelacacia.it\/fr\/arriere-pays-de-la-romagne\/#primaryimage","url":"https:\/\/www.hotelacacia.it\/wp-content\/uploads\/2015\/11\/bigstock-100392347-1-1.jpg","contentUrl":"https:\/\/www.hotelacacia.it\/wp-content\/uploads\/2015\/11\/bigstock-100392347-1-1.jpg","width":1440,"height":954},{"@type":"BreadcrumbList","@id":"https:\/\/www.hotelacacia.it\/fr\/arriere-pays-de-la-romagne\/#breadcrumb","itemListElement":[{"@type":"ListItem","position":1,"name":"Home","item":"https:\/\/www.hotelacacia.it\/fr\/"},{"@type":"ListItem","position":2,"name":"Arri\u00e8re-pays de la Romagne: Cesenatico et ses alentours"}]},{"@type":"WebSite","@id":"https:\/\/www.hotelacacia.it\/#website","url":"https:\/\/www.hotelacacia.it\/","name":"Acacia Hotel Cesenatico","description":"Hotel 3 stelle a Cesenatico","publisher":{"@id":"https:\/\/www.hotelacacia.it\/#organization"},"potentialAction":[{"@type":"SearchAction","target":{"@type":"EntryPoint","urlTemplate":"https:\/\/www.hotelacacia.it\/?s={search_term_string}"},"query-input":{"@type":"PropertyValueSpecification","valueRequired":true,"valueName":"search_term_string"}}],"inLanguage":"fr-FR"},{"@type":"Organization","@id":"https:\/\/www.hotelacacia.it\/#organization","name":"Hotel Acacia Cesenatico","url":"https:\/\/www.hotelacacia.it\/","logo":{"@type":"ImageObject","inLanguage":"fr-FR","@id":"https:\/\/www.hotelacacia.it\/#\/schema\/logo\/image\/","url":"https:\/\/www.hotelacacia.it\/acacia\/wp-content\/uploads\/2015\/11\/logo-hotel-acacia-quadrato.png","contentUrl":"https:\/\/www.hotelacacia.it\/acacia\/wp-content\/uploads\/2015\/11\/logo-hotel-acacia-quadrato.png","width":230,"height":230,"caption":"Hotel Acacia Cesenatico"},"image":{"@id":"https:\/\/www.hotelacacia.it\/#\/schema\/logo\/image\/"}}]}},"publishpress_future_action":{"enabled":false,"date":"2026-09-12 06:36:02","action":"change-status","newStatus":"draft","terms":[],"taxonomy":"translation_priority","extraData":[]},"publishpress_future_workflow_manual_trigger":{"enabledWorkflows":[]},"_links":{"self":[{"href":"https:\/\/www.hotelacacia.it\/fr\/wp-json\/wp\/v2\/pages\/841","targetHints":{"allow":["GET"]}}],"collection":[{"href":"https:\/\/www.hotelacacia.it\/fr\/wp-json\/wp\/v2\/pages"}],"about":[{"href":"https:\/\/www.hotelacacia.it\/fr\/wp-json\/wp\/v2\/types\/page"}],"author":[{"embeddable":true,"href":"https:\/\/www.hotelacacia.it\/fr\/wp-json\/wp\/v2\/users\/1"}],"replies":[{"embeddable":true,"href":"https:\/\/www.hotelacacia.it\/fr\/wp-json\/wp\/v2\/comments?post=841"}],"version-history":[{"count":3,"href":"https:\/\/www.hotelacacia.it\/fr\/wp-json\/wp\/v2\/pages\/841\/revisions"}],"predecessor-version":[{"id":1127,"href":"https:\/\/www.hotelacacia.it\/fr\/wp-json\/wp\/v2\/pages\/841\/revisions\/1127"}],"wp:featuredmedia":[{"embeddable":true,"href":"https:\/\/www.hotelacacia.it\/fr\/wp-json\/wp\/v2\/media\/3784"}],"wp:attachment":[{"href":"https:\/\/www.hotelacacia.it\/fr\/wp-json\/wp\/v2\/media?parent=841"}],"curies":[{"name":"wp","href":"https:\/\/api.w.org\/{rel}","templated":true}]}}